{"id":73,"date":"2016-10-14T19:41:11","date_gmt":"2016-10-14T17:41:11","guid":{"rendered":"http:\/\/blog.caller-schweiz.de\/?page_id=73"},"modified":"2023-10-30T16:46:17","modified_gmt":"2023-10-30T14:46:17","slug":"schueren","status":"publish","type":"page","link":"http:\/\/blog.caller-schweiz.de\/?page_id=73","title":{"rendered":"Sch\u00fcren"},"content":{"rendered":"\n<p><strong>Wissenswertes und Geschichtliches aus Sch\u00fcren<\/strong><\/p>\n\n\n\n<p>In dem zun\u00e4chst rein landwirtschaftlich gepr\u00e4gten Ort waren im Schatzungsregister von 1543 vier Sch\u00fcrener H\u00f6fe belegt.\u00a0 Sch\u00fcren ist als Sitz eines Zweiges der Familie von Schaden seit 1548 nachweisbar. \u00a0Das Gutshaus Grewe wurde 1595 erbaut. \u00a0Die Adelsfamilie von Kleinsorgen hatte in Sch\u00fcren ihren Stammsitz. Im November 1837 verzog der Freiherr Maximilian von Kleinsorgen, nachdem er zuvor das Gut Blessenohl erworben hatte, dorthin. Das Gut Sch\u00fcren verpachtete er an den P\u00e4chter Luigs.<\/p>\n\n\n\n<figure class=\"wp-block-image size-large is-resized\"><a href=\"http:\/\/blog.caller-schweiz.de\/wp-content\/uploads\/2023\/08\/2_Haus-Kleinsorge-2023-scaled.jpg\"><img decoding=\"async\" src=\"http:\/\/blog.caller-schweiz.de\/wp-content\/uploads\/2023\/08\/2_Haus-Kleinsorge-2023-1024x683.jpg\" alt=\"\" class=\"wp-image-508\" style=\"width:530px\" width=\"530\" srcset=\"http:\/\/blog.caller-schweiz.de\/wp-content\/uploads\/2023\/08\/2_Haus-Kleinsorge-2023-1024x683.jpg 1024w, http:\/\/blog.caller-schweiz.de\/wp-content\/uploads\/2023\/08\/2_Haus-Kleinsorge-2023-300x200.jpg 300w, http:\/\/blog.caller-schweiz.de\/wp-content\/uploads\/2023\/08\/2_Haus-Kleinsorge-2023-768x512.jpg 768w, http:\/\/blog.caller-schweiz.de\/wp-content\/uploads\/2023\/08\/2_Haus-Kleinsorge-2023-1536x1024.jpg 1536w, http:\/\/blog.caller-schweiz.de\/wp-content\/uploads\/2023\/08\/2_Haus-Kleinsorge-2023-2048x1365.jpg 2048w, http:\/\/blog.caller-schweiz.de\/wp-content\/uploads\/2023\/08\/2_Haus-Kleinsorge-2023-600x400.jpg 600w, http:\/\/blog.caller-schweiz.de\/wp-content\/uploads\/2023\/08\/2_Haus-Kleinsorge-2023-945x630.jpg 945w\" sizes=\"(max-width: 1024px) 100vw, 1024px\" \/><\/a><figcaption class=\"wp-element-caption\">Haus Kleinsorge in Sch\u00fcren<\/figcaption><\/figure>\n\n\n\n<p><br><span style=\"font-size: inherit;\">Zum Gut Kleinsorgen geh\u00f6rt auch ein Privatfriedhof.<\/span><\/p>\n\n\n\n<figure class=\"wp-block-image size-large is-resized\"><a href=\"http:\/\/blog.caller-schweiz.de\/wp-content\/uploads\/2023\/08\/3_Privatfriedhof-Kleinsorge-um-1990.jpg\"><img decoding=\"async\" src=\"http:\/\/blog.caller-schweiz.de\/wp-content\/uploads\/2023\/08\/3_Privatfriedhof-Kleinsorge-um-1990-1024x700.jpg\" alt=\"\" class=\"wp-image-510\" style=\"width:530px\" width=\"530\" srcset=\"http:\/\/blog.caller-schweiz.de\/wp-content\/uploads\/2023\/08\/3_Privatfriedhof-Kleinsorge-um-1990-1024x700.jpg 1024w, http:\/\/blog.caller-schweiz.de\/wp-content\/uploads\/2023\/08\/3_Privatfriedhof-Kleinsorge-um-1990-300x205.jpg 300w, http:\/\/blog.caller-schweiz.de\/wp-content\/uploads\/2023\/08\/3_Privatfriedhof-Kleinsorge-um-1990-768x525.jpg 768w, http:\/\/blog.caller-schweiz.de\/wp-content\/uploads\/2023\/08\/3_Privatfriedhof-Kleinsorge-um-1990-600x410.jpg 600w, http:\/\/blog.caller-schweiz.de\/wp-content\/uploads\/2023\/08\/3_Privatfriedhof-Kleinsorge-um-1990-945x646.jpg 945w, http:\/\/blog.caller-schweiz.de\/wp-content\/uploads\/2023\/08\/3_Privatfriedhof-Kleinsorge-um-1990.jpg 1528w\" sizes=\"(max-width: 1024px) 100vw, 1024px\" \/><\/a><figcaption class=\"wp-element-caption\">Privatfriedhof Kleinsorge um 1990<\/figcaption><\/figure>\n\n\n\n<p><br>Die Sch\u00fcrener Kapelle geh\u00f6rte als Privatkapelle zum Gut Kleinsorgen. Sie war der Gottesmutter geweiht. Den Insassen von Sch\u00fcren war von jeher \u201eder Mitgebrauch dieser Kapelle in der Art gestattet, dass, wenn einer dieser Eingesessenen in der Kapelle Messe lesen oder einen Toten bel\u00e4uten lassen wollte, dazu auf vorheriges Ansuchen die Erlaubnis erteilt, auch die Benutzung der Messgew\u00e4nder und des Kelches ect. gestattet wurde\u201c. \u00a0Dieses Recht endete mit der Verpachtung. Die Einwohner, namentlich die \u00d6konomen Joseph Grewe gt. Wickard, Anton Gast und Johann Brand, der Schmied Anton Kaufmann und die Tagel\u00f6hner Fritz Franzes, Franz Potthoff und Anton M\u00fctherich klagen 1864 auf Recht der weiteren Nutzung. \u00a0Weil sie ihr Recht innerhalb einer dazu festgesetzten Frist nicht geltend machen konnten, wurde ihre Klage abgewiesen. Als Pfarrer Hagemann nach Calle kam, war schon 40 Jahre keine hl. Messe mehr in der Kapelle gelesen worden. Er erwirkte die erneute Benutzung durch die Einwohner von Sch\u00fcren, unter der Bedingung, dass der marode Bau renoviert w\u00fcrde.\u00a0 1924 konnte man die Neueinweihung feiern. Seitdem ist die Kapelle neben der Gottesmutter auch dem hl Hubertus geweiht. Das Geb\u00e4ude wurde beim Einmarsch der Amerikaner zerst\u00f6rt und sp\u00e4ter abgerissen.<\/p>\n\n\n\n<figure class=\"wp-block-image size-large is-resized\"><a href=\"http:\/\/blog.caller-schweiz.de\/wp-content\/uploads\/2023\/08\/1_Schueren-Kapelle-vor-1940-scaled.jpg\"><img decoding=\"async\" src=\"http:\/\/blog.caller-schweiz.de\/wp-content\/uploads\/2023\/08\/1_Schueren-Kapelle-vor-1940-1024x664.jpg\" alt=\"\" class=\"wp-image-509\" style=\"width:530px\" width=\"530\" srcset=\"http:\/\/blog.caller-schweiz.de\/wp-content\/uploads\/2023\/08\/1_Schueren-Kapelle-vor-1940-1024x664.jpg 1024w, http:\/\/blog.caller-schweiz.de\/wp-content\/uploads\/2023\/08\/1_Schueren-Kapelle-vor-1940-300x194.jpg 300w, http:\/\/blog.caller-schweiz.de\/wp-content\/uploads\/2023\/08\/1_Schueren-Kapelle-vor-1940-768x498.jpg 768w, http:\/\/blog.caller-schweiz.de\/wp-content\/uploads\/2023\/08\/1_Schueren-Kapelle-vor-1940-1536x996.jpg 1536w, http:\/\/blog.caller-schweiz.de\/wp-content\/uploads\/2023\/08\/1_Schueren-Kapelle-vor-1940-2048x1327.jpg 2048w, http:\/\/blog.caller-schweiz.de\/wp-content\/uploads\/2023\/08\/1_Schueren-Kapelle-vor-1940-600x389.jpg 600w, http:\/\/blog.caller-schweiz.de\/wp-content\/uploads\/2023\/08\/1_Schueren-Kapelle-vor-1940-945x613.jpg 945w\" sizes=\"(max-width: 1024px) 100vw, 1024px\" \/><\/a><figcaption class=\"wp-element-caption\">Kapelle vor 1940<\/figcaption><\/figure>\n\n\n\n<p><br>Im Caritas-Kinderheim richtete man nach dem Krieg zun\u00e4chst eine kleine Kapelle ein, die 1949 durch finanzielle Unterst\u00fctzung der Bewohner Sch\u00fcrens und der umliegenden Ortschaften zu einer gro\u00dfen, pr\u00e4chtigen Kapelle ausgebaut wurde. \u00a0Die Kapelle bestand auch nach Aufl\u00f6sung des Kinderheims noch bis 1970. <\/p>\n\n\n\n<figure class=\"wp-block-image size-large is-resized\"><a href=\"http:\/\/blog.caller-schweiz.de\/wp-content\/uploads\/2023\/08\/11_Innenaufnahme-Kapelle-Kinderheim-Schueren.jpg\"><img decoding=\"async\" src=\"http:\/\/blog.caller-schweiz.de\/wp-content\/uploads\/2023\/08\/11_Innenaufnahme-Kapelle-Kinderheim-Schueren-1024x730.jpg\" alt=\"\" class=\"wp-image-517\" style=\"width:530px\" width=\"530\" srcset=\"http:\/\/blog.caller-schweiz.de\/wp-content\/uploads\/2023\/08\/11_Innenaufnahme-Kapelle-Kinderheim-Schueren-1024x730.jpg 1024w, http:\/\/blog.caller-schweiz.de\/wp-content\/uploads\/2023\/08\/11_Innenaufnahme-Kapelle-Kinderheim-Schueren-300x214.jpg 300w, http:\/\/blog.caller-schweiz.de\/wp-content\/uploads\/2023\/08\/11_Innenaufnahme-Kapelle-Kinderheim-Schueren-768x548.jpg 768w, http:\/\/blog.caller-schweiz.de\/wp-content\/uploads\/2023\/08\/11_Innenaufnahme-Kapelle-Kinderheim-Schueren-1536x1095.jpg 1536w, http:\/\/blog.caller-schweiz.de\/wp-content\/uploads\/2023\/08\/11_Innenaufnahme-Kapelle-Kinderheim-Schueren-2048x1460.jpg 2048w, http:\/\/blog.caller-schweiz.de\/wp-content\/uploads\/2023\/08\/11_Innenaufnahme-Kapelle-Kinderheim-Schueren-600x428.jpg 600w, http:\/\/blog.caller-schweiz.de\/wp-content\/uploads\/2023\/08\/11_Innenaufnahme-Kapelle-Kinderheim-Schueren-945x674.jpg 945w\" sizes=\"(max-width: 1024px) 100vw, 1024px\" \/><\/a><figcaption class=\"wp-element-caption\">Innenaufnahme Kapelle Kinderheim Sch\u00fcren<\/figcaption><\/figure>\n\n\n\n<p><br>2011 kam die Idee auf, eine neue Kapelle zu bauen. Bald wurde ein F\u00f6rderverein zum Kapellenbau gegr\u00fcndet. Die Kapelle wurde in Eigenleistung der Sch\u00fcrener B\u00fcrger mit Unterst\u00fctzung freiwilliger Helfer aus den Nachbarorten erbaut. \u00a0Schutzpatron ist der hl. Hubertus.<\/p>\n\n\n\n<p><br><strong>Flugplatz Meschede \u2013 Sch\u00fcren<\/strong><\/p>\n\n\n\n<p>Luftsportler aus dem Ruhrgebiet suchten im Sauerland geeignetes Gel\u00e4nde zum Segelfliegen. In Sch\u00fcren fanden sie besonders g\u00fcnstige Bedingungen vor. Arnold Flues aus Stockhausen machte 1932 dort die ersten Flugversuche. Im gleichen Jahr wurde durch den Arbeitsdienst eine Segelflugschule errichtet. Schon im n\u00e4chsten Jahr wurde ein Gro\u00dfflugtag veranstaltet.1937 wurde mit dem Bau eines Verwaltungsgeb\u00e4udes, einer Flugzeughalle und Unterk\u00fcnften begonnen. Nach dem 2. Weltkrieg wurde der Luftsportverein Meschede wieder gegr\u00fcndet und erhielt bald die Genehmigung f\u00fcr Segelflug. Die Zulassung als Landeplatz f\u00fcr Motorflugzeuge erfolgte 1959. Nach der Genehmigung zur Anlage und zum Betrieb eines Verkehrslandeplatzes, wurde in den folgenden Jahren umfangreiche Investitionen get\u00e4tigt und das ehemalige Segelfluggel\u00e4nde zu einem modernen Verkehrslandeplatz ausgebaut.<\/p>\n\n\n\n<figure class=\"wp-block-gallery has-nested-images columns-default is-cropped wp-block-gallery-1 is-layout-flex wp-block-gallery-is-layout-flex\">\n<figure class=\"wp-block-image size-large is-resized\"><a href=\"http:\/\/blog.caller-schweiz.de\/wp-content\/uploads\/2023\/08\/4_Segelflugschule-in-Schueren-um-1935.jpg\"><img decoding=\"async\" data-id=\"511\" src=\"http:\/\/blog.caller-schweiz.de\/wp-content\/uploads\/2023\/08\/4_Segelflugschule-in-Schueren-um-1935-1024x763.jpg\" alt=\"\" class=\"wp-image-511\" style=\"height:200px\" height=\"200\" srcset=\"http:\/\/blog.caller-schweiz.de\/wp-content\/uploads\/2023\/08\/4_Segelflugschule-in-Schueren-um-1935-1024x763.jpg 1024w, http:\/\/blog.caller-schweiz.de\/wp-content\/uploads\/2023\/08\/4_Segelflugschule-in-Schueren-um-1935-300x224.jpg 300w, http:\/\/blog.caller-schweiz.de\/wp-content\/uploads\/2023\/08\/4_Segelflugschule-in-Schueren-um-1935-768x573.jpg 768w, http:\/\/blog.caller-schweiz.de\/wp-content\/uploads\/2023\/08\/4_Segelflugschule-in-Schueren-um-1935-1536x1145.jpg 1536w, http:\/\/blog.caller-schweiz.de\/wp-content\/uploads\/2023\/08\/4_Segelflugschule-in-Schueren-um-1935-2048x1527.jpg 2048w, http:\/\/blog.caller-schweiz.de\/wp-content\/uploads\/2023\/08\/4_Segelflugschule-in-Schueren-um-1935-600x447.jpg 600w, http:\/\/blog.caller-schweiz.de\/wp-content\/uploads\/2023\/08\/4_Segelflugschule-in-Schueren-um-1935-945x704.jpg 945w\" sizes=\"(max-width: 1024px) 100vw, 1024px\" \/><\/a><figcaption class=\"wp-element-caption\">Segelflugschule in Sch\u00fcren in 1935<\/figcaption><\/figure>\n\n\n\n<figure class=\"wp-block-image size-large\"><a href=\"http:\/\/blog.caller-schweiz.de\/wp-content\/uploads\/2023\/08\/5_Segelflugschule-mit-Kapelle-um-1960.jpg\"><img loading=\"lazy\" decoding=\"async\" width=\"1024\" height=\"710\" data-id=\"512\" src=\"http:\/\/blog.caller-schweiz.de\/wp-content\/uploads\/2023\/08\/5_Segelflugschule-mit-Kapelle-um-1960-1024x710.jpg\" alt=\"\" class=\"wp-image-512\" srcset=\"http:\/\/blog.caller-schweiz.de\/wp-content\/uploads\/2023\/08\/5_Segelflugschule-mit-Kapelle-um-1960-1024x710.jpg 1024w, http:\/\/blog.caller-schweiz.de\/wp-content\/uploads\/2023\/08\/5_Segelflugschule-mit-Kapelle-um-1960-300x208.jpg 300w, http:\/\/blog.caller-schweiz.de\/wp-content\/uploads\/2023\/08\/5_Segelflugschule-mit-Kapelle-um-1960-768x533.jpg 768w, http:\/\/blog.caller-schweiz.de\/wp-content\/uploads\/2023\/08\/5_Segelflugschule-mit-Kapelle-um-1960-1536x1065.jpg 1536w, http:\/\/blog.caller-schweiz.de\/wp-content\/uploads\/2023\/08\/5_Segelflugschule-mit-Kapelle-um-1960-600x416.jpg 600w, http:\/\/blog.caller-schweiz.de\/wp-content\/uploads\/2023\/08\/5_Segelflugschule-mit-Kapelle-um-1960-945x655.jpg 945w, http:\/\/blog.caller-schweiz.de\/wp-content\/uploads\/2023\/08\/5_Segelflugschule-mit-Kapelle-um-1960.jpg 1632w\" sizes=\"auto, (max-width: 1024px) 100vw, 1024px\" \/><\/a><figcaption class=\"wp-element-caption\">Segelflugschule mit Kapelle um 1960<\/figcaption><\/figure>\n\n\n\n<figure class=\"wp-block-image size-large\"><a href=\"http:\/\/blog.caller-schweiz.de\/wp-content\/uploads\/2023\/08\/6_Flugbetrieb-um-1960-e1693131130755.jpg\"><img loading=\"lazy\" decoding=\"async\" width=\"976\" height=\"606\" data-id=\"513\" src=\"http:\/\/blog.caller-schweiz.de\/wp-content\/uploads\/2023\/08\/6_Flugbetrieb-um-1960-e1693131130755.jpg\" alt=\"\" class=\"wp-image-513\" srcset=\"http:\/\/blog.caller-schweiz.de\/wp-content\/uploads\/2023\/08\/6_Flugbetrieb-um-1960-e1693131130755.jpg 976w, http:\/\/blog.caller-schweiz.de\/wp-content\/uploads\/2023\/08\/6_Flugbetrieb-um-1960-e1693131130755-300x186.jpg 300w, http:\/\/blog.caller-schweiz.de\/wp-content\/uploads\/2023\/08\/6_Flugbetrieb-um-1960-e1693131130755-768x477.jpg 768w, http:\/\/blog.caller-schweiz.de\/wp-content\/uploads\/2023\/08\/6_Flugbetrieb-um-1960-e1693131130755-600x373.jpg 600w, http:\/\/blog.caller-schweiz.de\/wp-content\/uploads\/2023\/08\/6_Flugbetrieb-um-1960-e1693131130755-945x587.jpg 945w\" sizes=\"auto, (max-width: 976px) 100vw, 976px\" \/><\/a><figcaption class=\"wp-element-caption\">Flugbetrieb um 1960<\/figcaption><\/figure>\n<\/figure>\n\n\n\n<p><br><br><strong>Das Kinderheim Sch\u00fcren<\/strong><\/p>\n\n\n\n<p>Nach dem 2. Weltkrieg dienten die Geb\u00e4ude der ehemaligen Segelflugschule verschiedenen Gruppen als Unterkunft. Von 1946 bis 1954 \u00fcbernahm der Caritasverband Paderborn die Baulichkeiten und richtete in ihnen ein Kinderheim ein. Dem Heim angeschlossen war auch eine Volksschule. In der Schulchronik hei\u00dft es: \u201eArme Schulschwestern aus Schlesien waren mit ihren Schutzbefohlenen aus der Heimat vertrieben worden und hatten in Sch\u00fcren eine neue Bleibe gefunden\u201c.\u00a0 Die Schule wurde auch von den Schulkindern aus Sch\u00fcren besucht. Mit Ende des Schuljahres 1953\/54, damals noch zu Ostern, wurde die Schule geschlossen, das Kinderheim aufgel\u00f6st. Am Hauptgeb\u00e4ude waren bauliche M\u00e4ngel aufgetreten. Der Caritasverband w\u00e4re bereit gewesen, das Heim weiter zu betreiben und die M\u00e4ngel zu beheben, wenn der Grund und Boden k\u00e4uflich zu erwerben gewesen w\u00e4re. Alle diesbez\u00fcglichen Verhandlungen scheiterten jedoch.<\/p>\n\n\n\n<figure class=\"wp-block-gallery has-nested-images columns-default is-cropped wp-block-gallery-2 is-layout-flex wp-block-gallery-is-layout-flex\">\n<figure class=\"wp-block-image size-large\"><a href=\"http:\/\/blog.caller-schweiz.de\/wp-content\/uploads\/2023\/08\/9_Caritas-Kinderheim-Schueren.jpg\"><img loading=\"lazy\" decoding=\"async\" width=\"1024\" height=\"476\" data-id=\"515\" src=\"http:\/\/blog.caller-schweiz.de\/wp-content\/uploads\/2023\/08\/9_Caritas-Kinderheim-Schueren-1024x476.jpg\" alt=\"\" class=\"wp-image-515\" srcset=\"http:\/\/blog.caller-schweiz.de\/wp-content\/uploads\/2023\/08\/9_Caritas-Kinderheim-Schueren-1024x476.jpg 1024w, http:\/\/blog.caller-schweiz.de\/wp-content\/uploads\/2023\/08\/9_Caritas-Kinderheim-Schueren-300x139.jpg 300w, http:\/\/blog.caller-schweiz.de\/wp-content\/uploads\/2023\/08\/9_Caritas-Kinderheim-Schueren-768x357.jpg 768w, http:\/\/blog.caller-schweiz.de\/wp-content\/uploads\/2023\/08\/9_Caritas-Kinderheim-Schueren-1536x714.jpg 1536w, http:\/\/blog.caller-schweiz.de\/wp-content\/uploads\/2023\/08\/9_Caritas-Kinderheim-Schueren-2048x952.jpg 2048w, http:\/\/blog.caller-schweiz.de\/wp-content\/uploads\/2023\/08\/9_Caritas-Kinderheim-Schueren-600x279.jpg 600w, http:\/\/blog.caller-schweiz.de\/wp-content\/uploads\/2023\/08\/9_Caritas-Kinderheim-Schueren-945x439.jpg 945w\" sizes=\"auto, (max-width: 1024px) 100vw, 1024px\" \/><\/a><figcaption class=\"wp-element-caption\">Caritas Kinderheim Sch\u00fcren<\/figcaption><\/figure>\n\n\n\n<figure class=\"wp-block-image size-large\"><a href=\"http:\/\/blog.caller-schweiz.de\/wp-content\/uploads\/2023\/08\/10_Einweihung-Kinderheim-Schueren-1946.jpg\"><img loading=\"lazy\" decoding=\"async\" width=\"1024\" height=\"621\" data-id=\"516\" src=\"http:\/\/blog.caller-schweiz.de\/wp-content\/uploads\/2023\/08\/10_Einweihung-Kinderheim-Schueren-1946-1024x621.jpg\" alt=\"\" class=\"wp-image-516\" srcset=\"http:\/\/blog.caller-schweiz.de\/wp-content\/uploads\/2023\/08\/10_Einweihung-Kinderheim-Schueren-1946-1024x621.jpg 1024w, http:\/\/blog.caller-schweiz.de\/wp-content\/uploads\/2023\/08\/10_Einweihung-Kinderheim-Schueren-1946-300x182.jpg 300w, http:\/\/blog.caller-schweiz.de\/wp-content\/uploads\/2023\/08\/10_Einweihung-Kinderheim-Schueren-1946-768x466.jpg 768w, http:\/\/blog.caller-schweiz.de\/wp-content\/uploads\/2023\/08\/10_Einweihung-Kinderheim-Schueren-1946-1536x931.jpg 1536w, http:\/\/blog.caller-schweiz.de\/wp-content\/uploads\/2023\/08\/10_Einweihung-Kinderheim-Schueren-1946-600x364.jpg 600w, http:\/\/blog.caller-schweiz.de\/wp-content\/uploads\/2023\/08\/10_Einweihung-Kinderheim-Schueren-1946-945x573.jpg 945w, http:\/\/blog.caller-schweiz.de\/wp-content\/uploads\/2023\/08\/10_Einweihung-Kinderheim-Schueren-1946.jpg 1679w\" sizes=\"auto, (max-width: 1024px) 100vw, 1024px\" \/><\/a><figcaption class=\"wp-element-caption\">Einweihung Kinderheim Sch\u00fcren 1946<\/figcaption><\/figure>\n<\/figure>\n\n\n\n<p><\/p>\n\n\n\n<figure class=\"wp-block-image size-large\"><a href=\"http:\/\/blog.caller-schweiz.de\/wp-content\/uploads\/2023\/08\/12_Schueren-2023.jpg\"><img loading=\"lazy\" decoding=\"async\" width=\"1024\" height=\"768\" src=\"http:\/\/blog.caller-schweiz.de\/wp-content\/uploads\/2023\/08\/12_Schueren-2023-1024x768.jpg\" alt=\"\" class=\"wp-image-518\" srcset=\"http:\/\/blog.caller-schweiz.de\/wp-content\/uploads\/2023\/08\/12_Schueren-2023-1024x768.jpg 1024w, http:\/\/blog.caller-schweiz.de\/wp-content\/uploads\/2023\/08\/12_Schueren-2023-300x225.jpg 300w, http:\/\/blog.caller-schweiz.de\/wp-content\/uploads\/2023\/08\/12_Schueren-2023-768x576.jpg 768w, http:\/\/blog.caller-schweiz.de\/wp-content\/uploads\/2023\/08\/12_Schueren-2023-1536x1152.jpg 1536w, http:\/\/blog.caller-schweiz.de\/wp-content\/uploads\/2023\/08\/12_Schueren-2023-600x450.jpg 600w, http:\/\/blog.caller-schweiz.de\/wp-content\/uploads\/2023\/08\/12_Schueren-2023-945x709.jpg 945w, http:\/\/blog.caller-schweiz.de\/wp-content\/uploads\/2023\/08\/12_Schueren-2023.jpg 2048w\" sizes=\"auto, (max-width: 1024px) 100vw, 1024px\" \/><\/a><figcaption class=\"wp-element-caption\">Sch\u00fcren 2023<\/figcaption><\/figure>\n\n\n\n<p><\/p>\n\n\n\n<p>SCH\u00dcREN bei <a rel=\"noopener\" href=\"https:\/\/de.wikipedia.org\/wiki\/Sch%C3%BCren_(Meschede)\" target=\"_blank\"><em>Wikipedia<\/em><\/a><\/p>\n","protected":false},"excerpt":{"rendered":"<p>Wissenswertes und Geschichtliches aus Sch\u00fcren In dem zun\u00e4chst rein landwirtschaftlich gepr\u00e4gten Ort waren im Schatzungsregister von 1543 vier Sch\u00fcrener H\u00f6fe belegt.\u00a0 Sch\u00fcren ist als Sitz eines Zweiges der Familie von Schaden seit 1548 nachweisbar. \u00a0Das Gutshaus Grewe wurde 1595 erbaut&#8230;. <a class=\"more-link\" href=\"http:\/\/blog.caller-schweiz.de\/?page_id=73\">Weiterlesen &rarr;<\/a><\/p>\n","protected":false},"author":1,"featured_media":0,"parent":0,"menu_order":0,"comment_status":"closed","ping_status":"open","template":"","meta":{"footnotes":""},"class_list":["post-73","page","type-page","status-publish","hentry"],"_links":{"self":[{"href":"http:\/\/blog.caller-schweiz.de\/index.php?rest_route=\/wp\/v2\/pages\/73","targetHints":{"allow":["GET"]}}],"collection":[{"href":"http:\/\/blog.caller-schweiz.de\/index.php?rest_route=\/wp\/v2\/pages"}],"about":[{"href":"http:\/\/blog.caller-schweiz.de\/index.php?rest_route=\/wp\/v2\/types\/page"}],"author":[{"embeddable":true,"href":"http:\/\/blog.caller-schweiz.de\/index.php?rest_route=\/wp\/v2\/users\/1"}],"replies":[{"embeddable":true,"href":"http:\/\/blog.caller-schweiz.de\/index.php?rest_route=%2Fwp%2Fv2%2Fcomments&post=73"}],"version-history":[{"count":12,"href":"http:\/\/blog.caller-schweiz.de\/index.php?rest_route=\/wp\/v2\/pages\/73\/revisions"}],"predecessor-version":[{"id":555,"href":"http:\/\/blog.caller-schweiz.de\/index.php?rest_route=\/wp\/v2\/pages\/73\/revisions\/555"}],"wp:attachment":[{"href":"http:\/\/blog.caller-schweiz.de\/index.php?rest_route=%2Fwp%2Fv2%2Fmedia&parent=73"}],"curies":[{"name":"wp","href":"https:\/\/api.w.org\/{rel}","templated":true}]}}